{"id":11,"date":"2024-05-27T13:03:46","date_gmt":"2024-05-27T13:03:46","guid":{"rendered":"https:\/\/efep.im-nomade.com\/?page_id=11"},"modified":"2024-12-16T11:43:20","modified_gmt":"2024-12-16T11:43:20","slug":"qui-sommes-nous","status":"publish","type":"page","link":"https:\/\/efep.me\/en\/notre-ecole\/qui-sommes-nous\/","title":{"rendered":"Who are we ?"},"content":{"rendered":"<div data-elementor-type=\"wp-page\" data-elementor-id=\"11\" class=\"elementor elementor-11\" data-elementor-post-type=\"page\">\n\t\t\t\t<div class=\"elementor-element elementor-element-eb3c70c e-flex e-con-boxed e-con e-parent\" data-id=\"eb3c70c\" data-element_type=\"container\" data-e-type=\"container\">\n\t\t\t\t\t<div class=\"e-con-inner\">\n\t\t\t\t<div class=\"elementor-element elementor-element-35640bbd elementor-widget elementor-widget-heading\" data-id=\"35640bbd\" data-element_type=\"widget\" data-e-type=\"widget\" data-widget_type=\"heading.default\">\n\t\t\t\t<div class=\"elementor-widget-container\">\n\t\t\t\t\t<h1 class=\"elementor-heading-title elementor-size-default\">Who are we? <\/h1>\t\t\t\t<\/div>\n\t\t\t\t<\/div>\n\t\t\t\t\t<\/div>\n\t\t\t\t<\/div>\n\t\t<div class=\"elementor-element elementor-element-7969a413 e-flex e-con-boxed e-con e-parent\" data-id=\"7969a413\" data-element_type=\"container\" data-e-type=\"container\">\n\t\t\t\t\t<div class=\"e-con-inner\">\n\t\t<div class=\"elementor-element elementor-element-608f2797 e-con-full e-flex e-con e-child\" data-id=\"608f2797\" data-element_type=\"container\" data-e-type=\"container\">\n\t\t<div class=\"elementor-element elementor-element-33678343 e-con-full e-flex e-con e-child\" data-id=\"33678343\" data-element_type=\"container\" data-e-type=\"container\">\n\t\t\t\t<div class=\"elementor-element elementor-element-7d5c7ca7 elementor-widget elementor-widget-heading\" data-id=\"7d5c7ca7\" data-element_type=\"widget\" data-e-type=\"widget\" data-widget_type=\"heading.default\">\n\t\t\t\t<div class=\"elementor-widget-container\">\n\t\t\t\t\t<h2 class=\"elementor-heading-title elementor-size-default\">An international school\n<\/h2>\t\t\t\t<\/div>\n\t\t\t\t<\/div>\n\t\t\t\t<div class=\"elementor-element elementor-element-15d1f074 elementor-widget__width-initial elementor-widget elementor-widget-text-editor\" data-id=\"15d1f074\" data-element_type=\"widget\" data-e-type=\"widget\" data-widget_type=\"text-editor.default\">\n\t\t\t\t<div class=\"elementor-widget-container\">\n\t\t\t\t\t\t\t\t\t<p><span style=\"font-weight: 400;\">We welcome all nationalities from 3 to 18 years old with adapted courses to integrate non-French speaking students from 6 to 11 years old. Around 80% of the students welcomed do not have French as their mother tongue, this represents a diversity of cultures and languages creating a particularly rich international environment for learning and growing.\u00a0\u00a0<\/span><\/p><p><span style=\"font-weight: 400;\">The main language of schooling is French, but from kindergarten onwards, English and Montenegrin have an important place. During their schooling, students develop the ability to think, communicate and work in these three languages, in different fields.\u00a0<\/span><\/p><p><strong>Specific projects are being implemented to develop international openness.<\/strong><\/p>\t\t\t\t\t\t\t\t<\/div>\n\t\t\t\t<\/div>\n\t\t\t\t<\/div>\n\t\t\t\t<div class=\"elementor-element elementor-element-1e36fc3e elementor-widget__width-initial elementor-widget elementor-widget-image\" data-id=\"1e36fc3e\" data-element_type=\"widget\" data-e-type=\"widget\" data-widget_type=\"image.default\">\n\t\t\t\t<div class=\"elementor-widget-container\">\n\t\t\t\t\t\t\t\t\t\t\t\t\t\t\t<img fetchpriority=\"high\" decoding=\"async\" width=\"800\" height=\"942\" src=\"https:\/\/efep.me\/wp-content\/uploads\/2024\/11\/WhatsApp-Image-2024-11-24-a-15.46.09_2204528d-870x1024.jpg\" class=\"attachment-large size-large wp-image-779\" alt=\"\" srcset=\"https:\/\/efep.me\/wp-content\/uploads\/2024\/11\/WhatsApp-Image-2024-11-24-a-15.46.09_2204528d-870x1024.jpg 870w, https:\/\/efep.me\/wp-content\/uploads\/2024\/11\/WhatsApp-Image-2024-11-24-a-15.46.09_2204528d-255x300.jpg 255w, https:\/\/efep.me\/wp-content\/uploads\/2024\/11\/WhatsApp-Image-2024-11-24-a-15.46.09_2204528d-768x904.jpg 768w, https:\/\/efep.me\/wp-content\/uploads\/2024\/11\/WhatsApp-Image-2024-11-24-a-15.46.09_2204528d-10x12.jpg 10w, https:\/\/efep.me\/wp-content\/uploads\/2024\/11\/WhatsApp-Image-2024-11-24-a-15.46.09_2204528d.jpg 1127w\" sizes=\"(max-width: 800px) 100vw, 800px\" \/>\t\t\t\t\t\t\t\t\t\t\t\t\t\t\t<\/div>\n\t\t\t\t<\/div>\n\t\t\t\t<\/div>\n\t\t<div class=\"elementor-element elementor-element-293d77f9 e-con-full e-flex e-con e-child\" data-id=\"293d77f9\" data-element_type=\"container\" data-e-type=\"container\">\n\t\t\t\t<div class=\"elementor-element elementor-element-2578f3b2 elementor-widget__width-initial elementor-widget elementor-widget-image\" data-id=\"2578f3b2\" data-element_type=\"widget\" data-e-type=\"widget\" data-widget_type=\"image.default\">\n\t\t\t\t<div class=\"elementor-widget-container\">\n\t\t\t\t\t\t\t\t\t\t\t\t\t\t\t<img decoding=\"async\" width=\"768\" height=\"1024\" src=\"https:\/\/efep.me\/wp-content\/uploads\/2024\/11\/IMG-20220114-WA0011.jpg\" class=\"attachment-large size-large wp-image-780\" alt=\"\" srcset=\"https:\/\/efep.me\/wp-content\/uploads\/2024\/11\/IMG-20220114-WA0011.jpg 768w, https:\/\/efep.me\/wp-content\/uploads\/2024\/11\/IMG-20220114-WA0011-225x300.jpg 225w, https:\/\/efep.me\/wp-content\/uploads\/2024\/11\/IMG-20220114-WA0011-9x12.jpg 9w\" sizes=\"(max-width: 768px) 100vw, 768px\" \/>\t\t\t\t\t\t\t\t\t\t\t\t\t\t\t<\/div>\n\t\t\t\t<\/div>\n\t\t<div class=\"elementor-element elementor-element-7e214a72 e-con-full e-flex e-con e-child\" data-id=\"7e214a72\" data-element_type=\"container\" data-e-type=\"container\">\n\t\t\t\t<div class=\"elementor-element elementor-element-6478529b elementor-widget elementor-widget-heading\" data-id=\"6478529b\" data-element_type=\"widget\" data-e-type=\"widget\" data-widget_type=\"heading.default\">\n\t\t\t\t<div class=\"elementor-widget-container\">\n\t\t\t\t\t<h2 class=\"elementor-heading-title elementor-size-default\">A European French school in Montenegro<\/h2>\t\t\t\t<\/div>\n\t\t\t\t<\/div>\n\t\t\t\t<div class=\"elementor-element elementor-element-20f4b145 elementor-widget elementor-widget-text-editor\" data-id=\"20f4b145\" data-element_type=\"widget\" data-e-type=\"widget\" data-widget_type=\"text-editor.default\">\n\t\t\t\t<div class=\"elementor-widget-container\">\n\t\t\t\t\t\t\t\t\t<p><span style=\"font-weight: 400;\">Our doubly recognized school has held a license issued by the Montenegrin Ministry of Education since 2018 and, since 2023, approval issued by the French Ministry of Education, thus integrating our school since that date into the network of French educational establishments abroad coordinated by the AEFE.\u00a0<\/span><\/p><p><span style=\"font-weight: 400;\">The programs taught are, for all levels, in line with those of the French Ministry of Education. They are recognized by the Ministry of Education of Montenegro. They carry values of equality, secularism and inclusion, they aim for excellence and the development of critical thinking.\u00a0<\/span><\/p><p><span style=\"font-weight: 400;\">With 26 hours of class per week, they offer a multidisciplinary course allowing the development of skills in many areas (language proficiency, foreign languages, mathematics, science, history and geography, arts, music, sport).<\/span><\/p><p><span style=\"font-weight: 400;\">They allow you to pass the national Brevet and French Baccalaureate diplomas, which are internationally recognized.\u00a0<\/span><\/p>\t\t\t\t\t\t\t\t<\/div>\n\t\t\t\t<\/div>\n\t\t\t\t<\/div>\n\t\t\t\t<\/div>\n\t\t\t\t\t<\/div>\n\t\t\t\t<\/div>\n\t\t<div class=\"elementor-element elementor-element-2c8ccfd2 e-flex e-con-boxed e-con e-parent\" data-id=\"2c8ccfd2\" data-element_type=\"container\" data-e-type=\"container\">\n\t\t\t\t\t<div class=\"e-con-inner\">\n\t\t<div class=\"elementor-element elementor-element-972f800 e-con-full e-flex e-con e-child\" data-id=\"972f800\" data-element_type=\"container\" data-e-type=\"container\">\n\t\t\t\t<div class=\"elementor-element elementor-element-5bb7e1ed elementor-widget elementor-widget-heading\" data-id=\"5bb7e1ed\" data-element_type=\"widget\" data-e-type=\"widget\" data-widget_type=\"heading.default\">\n\t\t\t\t<div class=\"elementor-widget-container\">\n\t\t\t\t\t<h2 class=\"elementor-heading-title elementor-size-default\">A multilingual, qualified professional team\n<\/h2>\t\t\t\t<\/div>\n\t\t\t\t<\/div>\n\t\t\t\t<div class=\"elementor-element elementor-element-7d6d957 elementor-widget elementor-widget-text-editor\" data-id=\"7d6d957\" data-element_type=\"widget\" data-e-type=\"widget\" data-widget_type=\"text-editor.default\">\n\t\t\t\t<div class=\"elementor-widget-container\">\n\t\t\t\t\t\t\t\t\t<p><span style=\"font-weight: 400;\">To support your children in a motivating and caring atmosphere, a qualified team works every day to ensure the success of all students.<\/span><\/p>\t\t\t\t\t\t\t\t<\/div>\n\t\t\t\t<\/div>\n\t\t\t\t<\/div>\n\t\t\t\t<div class=\"elementor-element elementor-element-5c5201d6 elementor-widget__width-initial elementor-widget-mobile__width-initial elementor-widget elementor-widget-image\" data-id=\"5c5201d6\" data-element_type=\"widget\" data-e-type=\"widget\" data-widget_type=\"image.default\">\n\t\t\t\t<div class=\"elementor-widget-container\">\n\t\t\t\t\t\t\t\t\t\t\t\t\t\t\t<img decoding=\"async\" width=\"800\" height=\"600\" src=\"https:\/\/efep.me\/wp-content\/uploads\/2024\/11\/Maternelle-4-1.jpg\" class=\"attachment-large size-large wp-image-781\" alt=\"\" srcset=\"https:\/\/efep.me\/wp-content\/uploads\/2024\/11\/Maternelle-4-1.jpg 1000w, https:\/\/efep.me\/wp-content\/uploads\/2024\/11\/Maternelle-4-1-300x225.jpg 300w, https:\/\/efep.me\/wp-content\/uploads\/2024\/11\/Maternelle-4-1-768x576.jpg 768w, https:\/\/efep.me\/wp-content\/uploads\/2024\/11\/Maternelle-4-1-16x12.jpg 16w\" sizes=\"(max-width: 800px) 100vw, 800px\" \/>\t\t\t\t\t\t\t\t\t\t\t\t\t\t\t<\/div>\n\t\t\t\t<\/div>\n\t\t\t\t\t<\/div>\n\t\t\t\t<\/div>\n\t\t<div class=\"elementor-element elementor-element-632a4e5d e-flex e-con-boxed e-con e-parent\" data-id=\"632a4e5d\" data-element_type=\"container\" data-e-type=\"container\">\n\t\t\t\t\t<div class=\"e-con-inner\">\n\t\t<div class=\"elementor-element elementor-element-70df050a e-con-full e-flex e-con e-child\" data-id=\"70df050a\" data-element_type=\"container\" data-e-type=\"container\">\n\t\t\t\t<div class=\"elementor-element elementor-element-54c4eb9d elementor-widget elementor-widget-heading\" data-id=\"54c4eb9d\" data-element_type=\"widget\" data-e-type=\"widget\" data-widget_type=\"heading.default\">\n\t\t\t\t<div class=\"elementor-widget-container\">\n\t\t\t\t\t<h2 class=\"elementor-heading-title elementor-size-default\">A structure on a human scale\n<\/h2>\t\t\t\t<\/div>\n\t\t\t\t<\/div>\n\t\t\t\t<div class=\"elementor-element elementor-element-77a53168 elementor-widget__width-initial elementor-widget elementor-widget-text-editor\" data-id=\"77a53168\" data-element_type=\"widget\" data-e-type=\"widget\" data-widget_type=\"text-editor.default\">\n\t\t\t\t<div class=\"elementor-widget-container\">\n\t\t\t\t\t\t\t\t\t<p><span style=\"font-weight: 400;\">With 8 classes from kindergarten to high school that we limit to 20 students per group, spaces adapted to each age, our structure allows us to create a welcoming atmosphere where everyone finds their place and feels supported.<\/span><\/p><p><span style=\"font-weight: 400;\">The well-being of the entire educational community is at the heart of our concerns, because we are convinced that it is one of the keys that will allow each child to develop their maximum potential.\u00a0\u00a0<\/span><\/p>\t\t\t\t\t\t\t\t<\/div>\n\t\t\t\t<\/div>\n\t\t\t\t<\/div>\n\t\t\t\t<div class=\"elementor-element elementor-element-7ea0d3c7 elementor-widget__width-initial elementor-widget-mobile__width-initial elementor-widget elementor-widget-image\" data-id=\"7ea0d3c7\" data-element_type=\"widget\" data-e-type=\"widget\" data-widget_type=\"image.default\">\n\t\t\t\t<div class=\"elementor-widget-container\">\n\t\t\t\t\t\t\t\t\t\t\t\t\t\t\t<img loading=\"lazy\" decoding=\"async\" width=\"800\" height=\"534\" src=\"https:\/\/efep.me\/wp-content\/uploads\/2024\/11\/DSC02128-1024x683.jpg\" class=\"attachment-large size-large wp-image-892\" alt=\"\" srcset=\"https:\/\/efep.me\/wp-content\/uploads\/2024\/11\/DSC02128-1024x683.jpg 1024w, https:\/\/efep.me\/wp-content\/uploads\/2024\/11\/DSC02128-300x200.jpg 300w, https:\/\/efep.me\/wp-content\/uploads\/2024\/11\/DSC02128-768x512.jpg 768w, https:\/\/efep.me\/wp-content\/uploads\/2024\/11\/DSC02128-1536x1024.jpg 1536w, https:\/\/efep.me\/wp-content\/uploads\/2024\/11\/DSC02128-2048x1365.jpg 2048w, https:\/\/efep.me\/wp-content\/uploads\/2024\/11\/DSC02128-18x12.jpg 18w\" sizes=\"(max-width: 800px) 100vw, 800px\" \/>\t\t\t\t\t\t\t\t\t\t\t\t\t\t\t<\/div>\n\t\t\t\t<\/div>\n\t\t\t\t\t<\/div>\n\t\t\t\t<\/div>\n\t\t<div class=\"elementor-element elementor-element-f505e10 e-flex e-con-boxed e-con e-parent\" data-id=\"f505e10\" data-element_type=\"container\" data-e-type=\"container\">\n\t\t\t\t\t<div class=\"e-con-inner\">\n\t\t\t\t<div class=\"elementor-element elementor-element-4dcf183f elementor-widget elementor-widget-heading\" data-id=\"4dcf183f\" data-element_type=\"widget\" data-e-type=\"widget\" data-widget_type=\"heading.default\">\n\t\t\t\t<div class=\"elementor-widget-container\">\n\t\t\t\t\t<h2 class=\"elementor-heading-title elementor-size-default\">Our commitments<\/h2>\t\t\t\t<\/div>\n\t\t\t\t<\/div>\n\t\t\t\t<div class=\"elementor-element elementor-element-4dcb743 elementor-widget elementor-widget-text-editor\" data-id=\"4dcb743\" data-element_type=\"widget\" data-e-type=\"widget\" data-widget_type=\"text-editor.default\">\n\t\t\t\t<div class=\"elementor-widget-container\">\n\t\t\t\t\t\t\t\t\t<ul><li><span style=\"font-weight: 400;\"><strong>A complete course:<\/strong> a welcome from the age of two and a half, and up to high school to support each child throughout their education, with from a very young age \u201ca school\u201d which follows the official doubly recognized programs.<\/span><\/li><li><span style=\"font-weight: 400;\"><strong>Various methods:<\/strong> to make the student an actor in his learning by developing responsibility, autonomy, cooperation, perseverance. Personalized support aimed at development and excellence.<\/span><\/li><li><strong>Values:<\/strong> equality, secularism, inclusion, development of critical thinking.<\/li><li><span style=\"font-weight: 400;\"><strong>An openness and attention:<\/strong> towards oneself to know oneself, towards one&#039;s peers, to live well together and develop positive relationships, towards the educational community to make links with parents, local partner structures and towards the world and its diversity, with international projects.<\/span><\/li><li><span style=\"font-weight: 400;\"><strong>Multilingualism:<\/strong> a multilingual course where languages complement each other, become tools for thinking with certifications allowing the skills acquired to be recognized.<\/span><\/li><li><span style=\"font-weight: 400;\"><strong>Environment and sustainable development:<\/strong> daily integration, questions that affect the environment: knowing one&#039;s environment, respecting it, the issues, the practices to implement to train the future citizens of tomorrow.<\/span><\/li><li><span style=\"font-weight: 400;\"><strong>A school before anything else:<\/strong> supported by a non-profit organization, the heart of our project is fully educational, all of the resources of our structure are invested for your children, to support them as best as possible, every day, from kindergarten to BAC.<\/span><\/li><\/ul>\t\t\t\t\t\t\t\t<\/div>\n\t\t\t\t<\/div>\n\t\t\t\t\t<\/div>\n\t\t\t\t<\/div>\n\t\t\t\t<\/div>","protected":false},"excerpt":{"rendered":"<p>Qui sommes-nous? Une \u00e9cole internationale Nous accueillons toutes les nationalit\u00e9s de 3 \u00e0 18 ans avec des parcours adapt\u00e9s pour int\u00e9grer les \u00e9l\u00e8ves non francophones de 6 \u00e0 11 ans. Environ 80% des el\u00e8ves accueillis n&rsquo;ont pas le fran\u00e7ais comme la langue maternelle, cela repr\u00e9sente une diversit\u00e9 de cultures et de langues cr\u00e9ant un environnement [&hellip;]<\/p>\n","protected":false},"author":1,"featured_media":0,"parent":8,"menu_order":0,"comment_status":"closed","ping_status":"closed","template":"","meta":{"footnotes":""},"class_list":["post-11","page","type-page","status-publish","hentry"],"_links":{"self":[{"href":"https:\/\/efep.me\/en\/wp-json\/wp\/v2\/pages\/11","targetHints":{"allow":["GET"]}}],"collection":[{"href":"https:\/\/efep.me\/en\/wp-json\/wp\/v2\/pages"}],"about":[{"href":"https:\/\/efep.me\/en\/wp-json\/wp\/v2\/types\/page"}],"author":[{"embeddable":true,"href":"https:\/\/efep.me\/en\/wp-json\/wp\/v2\/users\/1"}],"replies":[{"embeddable":true,"href":"https:\/\/efep.me\/en\/wp-json\/wp\/v2\/comments?post=11"}],"version-history":[{"count":28,"href":"https:\/\/efep.me\/en\/wp-json\/wp\/v2\/pages\/11\/revisions"}],"predecessor-version":[{"id":1288,"href":"https:\/\/efep.me\/en\/wp-json\/wp\/v2\/pages\/11\/revisions\/1288"}],"up":[{"embeddable":true,"href":"https:\/\/efep.me\/en\/wp-json\/wp\/v2\/pages\/8"}],"wp:attachment":[{"href":"https:\/\/efep.me\/en\/wp-json\/wp\/v2\/media?parent=11"}],"curies":[{"name":"wp","href":"https:\/\/api.w.org\/{rel}","templated":true}]}}